{"id":5393,"date":"2020-03-11T11:08:13","date_gmt":"2020-03-11T08:08:13","guid":{"rendered":"http:\/\/10.6.0.65\/wordpress\/?page_id=5393"},"modified":"2020-03-11T11:08:13","modified_gmt":"2020-03-11T08:08:13","slug":"misyon-vizyon","status":"publish","type":"page","link":"https:\/\/demok.org\/index.php\/misyon-vizyon\/","title":{"rendered":"Misyon &#8211; Vizyon"},"content":{"rendered":"\n<p><strong>Vizyonumuz<br><br>Demiryol Meslek okulu ve Demiryol Meslek Lisesi olarak uzun y\u0131llar Demiryollar\u0131 i\u00e7in ara eleman yeti\u015ftiren okul mezunlar\u0131n\u0131 ortak bir demiryolculuk ve Demiryol Meslek Okulluluk k\u00fclt\u00fcr temelinde bir araya getiren Derne\u011fi\u2019 mizin, etkin ve sayg\u0131n bir sivil toplum kurulu\u015fu olarak T\u00fcrk STKlar\u0131\u0131n\u0131n \u00f6nde gelenleri aras\u0131nda yer almas\u0131d\u0131r.<\/strong><\/p>\n\n\n\n<p><strong>Misyonumuz<\/strong><\/p>\n\n\n\n<p>Yukar\u0131da belirtilen vizyon \u00e7er\u00e7evesinde; Demiryol Meslek okulu ve Demiryol Meslek Lisesi&#8217;nde e\u011fitim g\u00f6rm\u00fc\u015f mezunlar\u0131m\u0131z aras\u0131nda ileti\u015fim ve dayan\u0131\u015fmay\u0131 geli\u015ftirmek, Demiryol Meslek okulu ve Demiryol Meslek Lisesi&#8217; nin demiryollar\u0131n\u0131n geli\u015fiminde oynad\u0131\u011f\u0131 rol\u00fc \u00f6ne \u00e7\u0131kararak tan\u0131n\u0131rl\u0131\u011f\u0131n\u0131, prestij ve kurumsal imaj\u0131n\u0131 \u00fcst d\u00fczeye \u00e7\u0131kartmak, Demiryol Meslek okulu ve Demiryol Meslek Lisesi&#8217; nin tarihsel miras\u0131na sahip \u00e7\u0131kmak ve bu miras\u0131 ve tarihsel birikimini toplumun ve T\u00fcrk Demiryollar\u0131n\u0131n yarar\u0131na a\u00e7\u0131\u011fa \u00e7\u0131kartmak, Demiryol Meslek okulu ve Demiryol Meslek Lisesi mezunlar\u0131n\u0131n demiryolculuk bilgi ve becerileri ile k\u00fclt\u00fcrel-sanatsal ve d\u00fc\u015f\u00fcnsel birikimlerini geli\u015ftirmeleri ve birbirleriyle ve toplumla payla\u015fabilmelerini sa\u011flamak i\u00e7in uygun bir zemin olu\u015fturmak.<\/p>\n","protected":false},"excerpt":{"rendered":"<p>Vizyonumuz Demiryol Meslek okulu ve Demiryol Meslek Lisesi olarak uzun y\u0131llar Demiryollar\u0131 i\u00e7in ara eleman yeti\u015ftiren okul mezunlar\u0131n\u0131 ortak bir<\/p>\n","protected":false},"author":1,"featured_media":0,"parent":0,"menu_order":0,"comment_status":"closed","ping_status":"closed","template":"","meta":{"_eb_attr":"","ngg_post_thumbnail":0,"footnotes":""},"class_list":["post-5393","page","type-page","status-publish","hentry"],"magazineBlocksPostFeaturedMedia":{"thumbnail":false,"medium":false,"medium_large":false,"large":false,"1536x1536":false,"2048x2048":false,"colormag-highlighted-post":false,"colormag-featured-post-medium":false,"colormag-featured-post-small":false,"colormag-featured-image":false,"colormag-default-news":false,"colormag-featured-image-large":false},"magazineBlocksPostAuthor":{"name":"demok","avatar":"https:\/\/secure.gravatar.com\/avatar\/9f5c36aa8f440a3b593bef073cd3c8619a928af11a5dceba8432cca86a80dd3a?s=96&d=mm&r=g"},"magazineBlocksPostCommentsNumber":false,"magazineBlocksPostExcerpt":"Vizyonumuz Demiryol Meslek okulu ve Demiryol Meslek Lisesi olarak uzun y\u0131llar Demiryollar\u0131 i\u00e7in ara eleman yeti\u015ftiren okul mezunlar\u0131n\u0131 ortak bir","magazineBlocksPostCategories":[],"magazineBlocksPostViewCount":0,"magazineBlocksPostReadTime":1,"_links":{"self":[{"href":"https:\/\/demok.org\/index.php\/wp-json\/wp\/v2\/pages\/5393","targetHints":{"allow":["GET"]}}],"collection":[{"href":"https:\/\/demok.org\/index.php\/wp-json\/wp\/v2\/pages"}],"about":[{"href":"https:\/\/demok.org\/index.php\/wp-json\/wp\/v2\/types\/page"}],"author":[{"embeddable":true,"href":"https:\/\/demok.org\/index.php\/wp-json\/wp\/v2\/users\/1"}],"replies":[{"embeddable":true,"href":"https:\/\/demok.org\/index.php\/wp-json\/wp\/v2\/comments?post=5393"}],"version-history":[{"count":0,"href":"https:\/\/demok.org\/index.php\/wp-json\/wp\/v2\/pages\/5393\/revisions"}],"wp:attachment":[{"href":"https:\/\/demok.org\/index.php\/wp-json\/wp\/v2\/media?parent=5393"}],"curies":[{"name":"wp","href":"https:\/\/api.w.org\/{rel}","templated":true}]}}